{"id":6813,"date":"2015-05-04T18:47:15","date_gmt":"2015-05-04T16:47:15","guid":{"rendered":"https:\/\/quijotefood.com\/receta\/tarte-aux-cheveux-dange\/"},"modified":"2022-09-02T17:18:07","modified_gmt":"2022-09-02T15:18:07","slug":"tarte-aux-cheveux-dange","status":"publish","type":"receta","link":"https:\/\/quijotefood.com\/fr\/receta\/tarte-aux-cheveux-dange\/","title":{"rendered":"tarte aux cheveux d&rsquo;ange"},"content":{"rendered":"<section class=\"l-section wpb_row us_custom_8d45c27c hide_on_mobiles height_medium\"><div class=\"l-section-h i-cf\"><div class=\"g-cols vc_row via_flex valign_middle type_default stacking_default\"><div class=\"vc_col-sm-2 vc_col-xs-12 wpb_column vc_column_container\"><div class=\"vc_column-inner\"><div class=\"wpb_wrapper\"><div class=\"w-separator size_small with_line width_50 thick_3 style_solid color_primary align_center\"><div class=\"w-separator-h\"><\/div><\/div><\/div><\/div><\/div><div class=\"vc_col-sm-8 vc_col-xs-12 wpb_column vc_column_container\"><div class=\"vc_column-inner\"><div class=\"wpb_wrapper\"><div class=\"w-hwrapper valign_middle align_center\"><div class=\"w-iconbox iconpos_left style_default color_primary align_center no_text\"><div class=\"w-iconbox-icon\" style=\"font-size:2.5rem;\"><i class=\"far fa-star\"><\/i><\/div><div class=\"w-iconbox-meta\"><h6 class=\"w-iconbox-title\">Difficult\u00e9 : Facile<\/h6><\/div><\/div><div class=\"w-iconbox iconpos_left style_default color_primary align_center no_text\"><div class=\"w-iconbox-icon\" style=\"font-size:2.5rem;\"><i class=\"far fa-clock\"><\/i><\/div><div class=\"w-iconbox-meta\"><h6 class=\"w-iconbox-title\">Temps de pr\u00e9paration : 40 mn.<\/h6><\/div><\/div><\/div><\/div><\/div><\/div><div class=\"vc_col-sm-2 vc_col-xs-12 wpb_column vc_column_container\"><div class=\"vc_column-inner\"><div class=\"wpb_wrapper\"><div class=\"w-separator size_small with_line width_50 thick_3 style_solid color_primary align_center\"><div class=\"w-separator-h\"><\/div><\/div><\/div><\/div><\/div><\/div><\/div><\/section><section class=\"l-section wpb_row us_custom_8d45c27c hide_on_default hide_on_laptops hide_on_tablets height_medium\"><div class=\"l-section-h i-cf\"><div class=\"g-cols vc_row via_flex valign_middle type_default stacking_default\"><div class=\"vc_col-sm-2 vc_col-xs-12 wpb_column vc_column_container\"><div class=\"vc_column-inner\"><div class=\"wpb_wrapper\"><div class=\"w-separator size_small with_line width_50 thick_3 style_solid color_primary align_center\"><div class=\"w-separator-h\"><\/div><\/div><\/div><\/div><\/div><div class=\"vc_col-sm-8 vc_col-xs-12 wpb_column vc_column_container\"><div class=\"vc_column-inner\"><div class=\"wpb_wrapper\"><div class=\"w-hwrapper valign_middle wrap align_left\"><div class=\"w-iconbox iconpos_left style_default color_primary align_left no_text\"><div class=\"w-iconbox-icon\" style=\"font-size:2.5rem;\"><i class=\"far fa-star\"><\/i><\/div><div class=\"w-iconbox-meta\"><h6 class=\"w-iconbox-title\">Difficult\u00e9 : Facile<\/h6><\/div><\/div><div class=\"w-iconbox iconpos_left style_default color_primary align_left no_text\"><div class=\"w-iconbox-icon\" style=\"font-size:2.5rem;\"><i class=\"far fa-clock\"><\/i><\/div><div class=\"w-iconbox-meta\"><h6 class=\"w-iconbox-title\">Temps de pr\u00e9paration : 40 mn.<\/h6><\/div><\/div><\/div><\/div><\/div><\/div><div class=\"vc_col-sm-2 vc_col-xs-12 wpb_column vc_column_container\"><div class=\"vc_column-inner\"><div class=\"wpb_wrapper\"><div class=\"w-separator size_small with_line width_50 thick_3 style_solid color_primary align_center\"><div class=\"w-separator-h\"><\/div><\/div><\/div><\/div><\/div><\/div><\/div><\/section><section class=\"l-section wpb_row height_medium\"><div class=\"l-section-h i-cf\"><div class=\"g-cols vc_row via_flex valign_top type_default stacking_default\"><div class=\"vc_col-sm-12 vc_col-lg-3 vc_col-md-3 vc_col-xs-12 wpb_column vc_column_container\"><div class=\"vc_column-inner\"><div class=\"wpb_wrapper\"><div class=\"wpb_text_column\"><div class=\"wpb_wrapper\"><h5>Ingr\u00e9dients<\/h5>\n<\/div><\/div><div class=\"w-separator size_small\"><\/div><div class=\"wpb_text_column\"><div class=\"wpb_wrapper\"><ul>\n<li>p\u00e2te feuillet\u00e9e<\/li>\n<li>Cheveux d&rsquo;ange Don Quichotte<\/li>\n<li>\u0152uf<\/li>\n<li>Cannelle<\/li>\n<li>Sucre<\/li>\n<\/ul>\n<\/div><\/div><\/div><\/div><\/div><div class=\"vc_col-sm-12 vc_col-lg-9 vc_col-md-9 vc_col-xs-12 wpb_column vc_column_container\"><div class=\"vc_column-inner\"><div class=\"wpb_wrapper\"><div class=\"wpb_text_column us_custom_77d9ecd6\"><div class=\"wpb_wrapper\"><h5>Comment pr\u00e9parer l&#8217;empanada aux cheveux d&rsquo;ange<\/h5>\n<\/div><\/div><div class=\"w-separator size_small\"><\/div><div class=\"wpb_text_column\"><div class=\"wpb_wrapper\"><ol>\n<li>Nous pr\u00e9chauffons le four \u00e0 200 degr\u00e9s.<\/li>\n<li>\u00c9tirez une des p\u00e2tes feuillet\u00e9es et remplissez-la de cheveux d&rsquo;ange (en laissant les bords d\u00e9couverts), posez l&rsquo;autre p\u00e2te feuillet\u00e9e par dessus et \u00e0 l&rsquo;aide d&rsquo;une fourchette refermez-la bien.<\/li>\n<li>Nous battons un \u0153uf et peignons la p\u00e2te feuillet\u00e9e sur le dessus, pour que plus tard dans le four, la couleur.<\/li>\n<li>Mettez la p\u00e2te feuillet\u00e9e au four et laissez-la jusqu&rsquo;\u00e0 ce qu&rsquo;elle soit dor\u00e9e.<\/li>\n<li>A la sortie du four, saupoudrez (facultatif) de cannelle et de sucre, et laissez refroidir.<\/li>\n<\/ol>\n<\/div><\/div><\/div><\/div><\/div><\/div><\/div><\/section>\n","protected":false},"featured_media":5833,"template":"","class_list":["post-6813","receta","type-receta","status-publish","has-post-thumbnail","hentry"],"acf":[],"yoast_head":"<!-- This site is optimized with the Yoast SEO plugin v27.4 - https:\/\/yoast.com\/product\/yoast-seo-wordpress\/ -->\n<title>tarte aux cheveux d&#039;ange | El Quijote<\/title>\n<meta name=\"description\" content=\"Recette de l&#039;empanada aux cheveux d&#039;ange de Don Quichotte.\" \/>\n<meta name=\"robots\" content=\"index, follow, max-snippet:-1, max-image-preview:large, max-video-preview:-1\" \/>\n<link rel=\"canonical\" href=\"https:\/\/quijotefood.com\/fr\/receta\/tarte-aux-cheveux-dange\/\" \/>\n<meta property=\"og:locale\" content=\"fr_FR\" \/>\n<meta property=\"og:type\" content=\"article\" \/>\n<meta property=\"og:title\" content=\"tarte aux cheveux d&#039;ange | El Quijote\" \/>\n<meta property=\"og:description\" content=\"Recette de l&#039;empanada aux cheveux d&#039;ange de Don Quichotte.\" \/>\n<meta property=\"og:url\" content=\"https:\/\/quijotefood.com\/fr\/receta\/tarte-aux-cheveux-dange\/\" \/>\n<meta property=\"og:site_name\" content=\"El Quijote\" \/>\n<meta property=\"article:modified_time\" content=\"2022-09-02T15:18:07+00:00\" \/>\n<meta property=\"og:image\" content=\"http:\/\/quijotefood.com\/wp-content\/uploads\/2015\/05\/receta-ensalada-de-otono1.jpg\" \/>\n\t<meta property=\"og:image:width\" content=\"1600\" \/>\n\t<meta property=\"og:image:height\" content=\"800\" \/>\n\t<meta property=\"og:image:type\" content=\"image\/jpeg\" \/>\n<meta name=\"twitter:card\" content=\"summary_large_image\" \/>\n<meta name=\"twitter:label1\" content=\"Dur\u00e9e de lecture estim\u00e9e\" \/>\n\t<meta name=\"twitter:data1\" content=\"2 minutes\" \/>\n<script type=\"application\/ld+json\" class=\"yoast-schema-graph\">{\"@context\":\"https:\\\/\\\/schema.org\",\"@graph\":[{\"@type\":\"WebPage\",\"@id\":\"https:\\\/\\\/quijotefood.com\\\/fr\\\/receta\\\/tarte-aux-cheveux-dange\\\/\",\"url\":\"https:\\\/\\\/quijotefood.com\\\/fr\\\/receta\\\/tarte-aux-cheveux-dange\\\/\",\"name\":\"tarte aux cheveux d'ange | El Quijote\",\"isPartOf\":{\"@id\":\"https:\\\/\\\/quijotefood.com\\\/fr\\\/#website\"},\"primaryImageOfPage\":{\"@id\":\"https:\\\/\\\/quijotefood.com\\\/fr\\\/receta\\\/tarte-aux-cheveux-dange\\\/#primaryimage\"},\"image\":{\"@id\":\"https:\\\/\\\/quijotefood.com\\\/fr\\\/receta\\\/tarte-aux-cheveux-dange\\\/#primaryimage\"},\"thumbnailUrl\":\"https:\\\/\\\/quijotefood.com\\\/wp-content\\\/uploads\\\/2015\\\/05\\\/receta-ensalada-de-otono1.jpg\",\"datePublished\":\"2015-05-04T16:47:15+00:00\",\"dateModified\":\"2022-09-02T15:18:07+00:00\",\"description\":\"Recette de l'empanada aux cheveux d'ange de Don Quichotte.\",\"breadcrumb\":{\"@id\":\"https:\\\/\\\/quijotefood.com\\\/fr\\\/receta\\\/tarte-aux-cheveux-dange\\\/#breadcrumb\"},\"inLanguage\":\"fr-FR\",\"potentialAction\":[{\"@type\":\"ReadAction\",\"target\":[\"https:\\\/\\\/quijotefood.com\\\/fr\\\/receta\\\/tarte-aux-cheveux-dange\\\/\"]}]},{\"@type\":\"ImageObject\",\"inLanguage\":\"fr-FR\",\"@id\":\"https:\\\/\\\/quijotefood.com\\\/fr\\\/receta\\\/tarte-aux-cheveux-dange\\\/#primaryimage\",\"url\":\"https:\\\/\\\/quijotefood.com\\\/wp-content\\\/uploads\\\/2015\\\/05\\\/receta-ensalada-de-otono1.jpg\",\"contentUrl\":\"https:\\\/\\\/quijotefood.com\\\/wp-content\\\/uploads\\\/2015\\\/05\\\/receta-ensalada-de-otono1.jpg\",\"width\":1600,\"height\":800},{\"@type\":\"BreadcrumbList\",\"@id\":\"https:\\\/\\\/quijotefood.com\\\/fr\\\/receta\\\/tarte-aux-cheveux-dange\\\/#breadcrumb\",\"itemListElement\":[{\"@type\":\"ListItem\",\"position\":1,\"name\":\"Portada\",\"item\":\"https:\\\/\\\/quijotefood.com\\\/fr\\\/debut\\\/\"},{\"@type\":\"ListItem\",\"position\":2,\"name\":\"tarte aux cheveux d&#8217;ange\"}]},{\"@type\":\"WebSite\",\"@id\":\"https:\\\/\\\/quijotefood.com\\\/fr\\\/#website\",\"url\":\"https:\\\/\\\/quijotefood.com\\\/fr\\\/\",\"name\":\"El Quijote\",\"description\":\"Fabricante de conservas vegetales, crema de membrillo, fresa, melocot\u00f3n, ciruela, manzana....\",\"publisher\":{\"@id\":\"https:\\\/\\\/quijotefood.com\\\/fr\\\/#organization\"},\"potentialAction\":[{\"@type\":\"SearchAction\",\"target\":{\"@type\":\"EntryPoint\",\"urlTemplate\":\"https:\\\/\\\/quijotefood.com\\\/fr\\\/?s={search_term_string}\"},\"query-input\":{\"@type\":\"PropertyValueSpecification\",\"valueRequired\":true,\"valueName\":\"search_term_string\"}}],\"inLanguage\":\"fr-FR\"},{\"@type\":\"Organization\",\"@id\":\"https:\\\/\\\/quijotefood.com\\\/fr\\\/#organization\",\"name\":\"El Quijote\",\"url\":\"https:\\\/\\\/quijotefood.com\\\/fr\\\/\",\"logo\":{\"@type\":\"ImageObject\",\"inLanguage\":\"fr-FR\",\"@id\":\"https:\\\/\\\/quijotefood.com\\\/fr\\\/#\\\/schema\\\/logo\\\/image\\\/\",\"url\":\"https:\\\/\\\/quijotefood.com\\\/wp-content\\\/uploads\\\/2021\\\/08\\\/logo-sin-fondo-2.png\",\"contentUrl\":\"https:\\\/\\\/quijotefood.com\\\/wp-content\\\/uploads\\\/2021\\\/08\\\/logo-sin-fondo-2.png\",\"width\":1000,\"height\":429,\"caption\":\"El Quijote\"},\"image\":{\"@id\":\"https:\\\/\\\/quijotefood.com\\\/fr\\\/#\\\/schema\\\/logo\\\/image\\\/\"}}]}<\/script>\n<!-- \/ Yoast SEO plugin. -->","yoast_head_json":{"title":"tarte aux cheveux d'ange | El Quijote","description":"Recette de l'empanada aux cheveux d'ange de Don Quichotte.","robots":{"index":"index","follow":"follow","max-snippet":"max-snippet:-1","max-image-preview":"max-image-preview:large","max-video-preview":"max-video-preview:-1"},"canonical":"https:\/\/quijotefood.com\/fr\/receta\/tarte-aux-cheveux-dange\/","og_locale":"fr_FR","og_type":"article","og_title":"tarte aux cheveux d'ange | El Quijote","og_description":"Recette de l'empanada aux cheveux d'ange de Don Quichotte.","og_url":"https:\/\/quijotefood.com\/fr\/receta\/tarte-aux-cheveux-dange\/","og_site_name":"El Quijote","article_modified_time":"2022-09-02T15:18:07+00:00","og_image":[{"width":1600,"height":800,"url":"http:\/\/quijotefood.com\/wp-content\/uploads\/2015\/05\/receta-ensalada-de-otono1.jpg","type":"image\/jpeg"}],"twitter_card":"summary_large_image","twitter_misc":{"Dur\u00e9e de lecture estim\u00e9e":"2 minutes"},"schema":{"@context":"https:\/\/schema.org","@graph":[{"@type":"WebPage","@id":"https:\/\/quijotefood.com\/fr\/receta\/tarte-aux-cheveux-dange\/","url":"https:\/\/quijotefood.com\/fr\/receta\/tarte-aux-cheveux-dange\/","name":"tarte aux cheveux d'ange | El Quijote","isPartOf":{"@id":"https:\/\/quijotefood.com\/fr\/#website"},"primaryImageOfPage":{"@id":"https:\/\/quijotefood.com\/fr\/receta\/tarte-aux-cheveux-dange\/#primaryimage"},"image":{"@id":"https:\/\/quijotefood.com\/fr\/receta\/tarte-aux-cheveux-dange\/#primaryimage"},"thumbnailUrl":"https:\/\/quijotefood.com\/wp-content\/uploads\/2015\/05\/receta-ensalada-de-otono1.jpg","datePublished":"2015-05-04T16:47:15+00:00","dateModified":"2022-09-02T15:18:07+00:00","description":"Recette de l'empanada aux cheveux d'ange de Don Quichotte.","breadcrumb":{"@id":"https:\/\/quijotefood.com\/fr\/receta\/tarte-aux-cheveux-dange\/#breadcrumb"},"inLanguage":"fr-FR","potentialAction":[{"@type":"ReadAction","target":["https:\/\/quijotefood.com\/fr\/receta\/tarte-aux-cheveux-dange\/"]}]},{"@type":"ImageObject","inLanguage":"fr-FR","@id":"https:\/\/quijotefood.com\/fr\/receta\/tarte-aux-cheveux-dange\/#primaryimage","url":"https:\/\/quijotefood.com\/wp-content\/uploads\/2015\/05\/receta-ensalada-de-otono1.jpg","contentUrl":"https:\/\/quijotefood.com\/wp-content\/uploads\/2015\/05\/receta-ensalada-de-otono1.jpg","width":1600,"height":800},{"@type":"BreadcrumbList","@id":"https:\/\/quijotefood.com\/fr\/receta\/tarte-aux-cheveux-dange\/#breadcrumb","itemListElement":[{"@type":"ListItem","position":1,"name":"Portada","item":"https:\/\/quijotefood.com\/fr\/debut\/"},{"@type":"ListItem","position":2,"name":"tarte aux cheveux d&#8217;ange"}]},{"@type":"WebSite","@id":"https:\/\/quijotefood.com\/fr\/#website","url":"https:\/\/quijotefood.com\/fr\/","name":"El Quijote","description":"Fabricante de conservas vegetales, crema de membrillo, fresa, melocot\u00f3n, ciruela, manzana....","publisher":{"@id":"https:\/\/quijotefood.com\/fr\/#organization"},"potentialAction":[{"@type":"SearchAction","target":{"@type":"EntryPoint","urlTemplate":"https:\/\/quijotefood.com\/fr\/?s={search_term_string}"},"query-input":{"@type":"PropertyValueSpecification","valueRequired":true,"valueName":"search_term_string"}}],"inLanguage":"fr-FR"},{"@type":"Organization","@id":"https:\/\/quijotefood.com\/fr\/#organization","name":"El Quijote","url":"https:\/\/quijotefood.com\/fr\/","logo":{"@type":"ImageObject","inLanguage":"fr-FR","@id":"https:\/\/quijotefood.com\/fr\/#\/schema\/logo\/image\/","url":"https:\/\/quijotefood.com\/wp-content\/uploads\/2021\/08\/logo-sin-fondo-2.png","contentUrl":"https:\/\/quijotefood.com\/wp-content\/uploads\/2021\/08\/logo-sin-fondo-2.png","width":1000,"height":429,"caption":"El Quijote"},"image":{"@id":"https:\/\/quijotefood.com\/fr\/#\/schema\/logo\/image\/"}}]}},"_links":{"self":[{"href":"https:\/\/quijotefood.com\/fr\/wp-json\/wp\/v2\/receta\/6813","targetHints":{"allow":["GET"]}}],"collection":[{"href":"https:\/\/quijotefood.com\/fr\/wp-json\/wp\/v2\/receta"}],"about":[{"href":"https:\/\/quijotefood.com\/fr\/wp-json\/wp\/v2\/types\/receta"}],"wp:featuredmedia":[{"embeddable":true,"href":"https:\/\/quijotefood.com\/fr\/wp-json\/wp\/v2\/media\/5833"}],"wp:attachment":[{"href":"https:\/\/quijotefood.com\/fr\/wp-json\/wp\/v2\/media?parent=6813"}],"curies":[{"name":"wp","href":"https:\/\/api.w.org\/{rel}","templated":true}]}}