{"id":6795,"date":"2015-05-04T19:24:10","date_gmt":"2015-05-04T17:24:10","guid":{"rendered":"https:\/\/quijotefood.com\/receta\/salade-dautomne\/"},"modified":"2022-09-02T17:18:07","modified_gmt":"2022-09-02T15:18:07","slug":"salade-dautomne","status":"publish","type":"receta","link":"https:\/\/quijotefood.com\/fr\/receta\/salade-dautomne\/","title":{"rendered":"salade d&rsquo;automne"},"content":{"rendered":"<section class=\"l-section wpb_row us_custom_8d45c27c hide_on_mobiles height_medium\"><div class=\"l-section-h i-cf\"><div class=\"g-cols vc_row via_flex valign_middle type_default stacking_default\"><div class=\"vc_col-sm-2 vc_col-xs-12 wpb_column vc_column_container\"><div class=\"vc_column-inner\"><div class=\"wpb_wrapper\"><div class=\"w-separator size_small with_line width_50 thick_3 style_solid color_primary align_center\"><div class=\"w-separator-h\"><\/div><\/div><\/div><\/div><\/div><div class=\"vc_col-sm-8 vc_col-xs-12 wpb_column vc_column_container\"><div class=\"vc_column-inner\"><div class=\"wpb_wrapper\"><div class=\"w-hwrapper valign_middle align_center\"><div class=\"w-iconbox iconpos_left style_default color_primary align_center no_text\"><div class=\"w-iconbox-icon\" style=\"font-size:2.5rem;\"><i class=\"far fa-star\"><\/i><\/div><div class=\"w-iconbox-meta\"><h6 class=\"w-iconbox-title\">Difficult\u00e9 : Facile<\/h6><\/div><\/div><div class=\"w-iconbox iconpos_left style_default color_primary align_center no_text\"><div class=\"w-iconbox-icon\" style=\"font-size:2.5rem;\"><i class=\"far fa-clock\"><\/i><\/div><div class=\"w-iconbox-meta\"><h6 class=\"w-iconbox-title\">Temps de pr\u00e9paration 30 min.<\/h6><\/div><\/div><\/div><\/div><\/div><\/div><div class=\"vc_col-sm-2 vc_col-xs-12 wpb_column vc_column_container\"><div class=\"vc_column-inner\"><div class=\"wpb_wrapper\"><div class=\"w-separator size_small with_line width_50 thick_3 style_solid color_primary align_center\"><div class=\"w-separator-h\"><\/div><\/div><\/div><\/div><\/div><\/div><\/div><\/section><section class=\"l-section wpb_row us_custom_8d45c27c hide_on_default hide_on_laptops hide_on_tablets height_medium\"><div class=\"l-section-h i-cf\"><div class=\"g-cols vc_row via_flex valign_middle type_default stacking_default\"><div class=\"vc_col-sm-2 vc_col-xs-12 wpb_column vc_column_container\"><div class=\"vc_column-inner\"><div class=\"wpb_wrapper\"><div class=\"w-separator size_small with_line width_50 thick_3 style_solid color_primary align_center\"><div class=\"w-separator-h\"><\/div><\/div><\/div><\/div><\/div><div class=\"vc_col-sm-8 vc_col-xs-12 wpb_column vc_column_container\"><div class=\"vc_column-inner\"><div class=\"wpb_wrapper\"><div class=\"w-hwrapper valign_middle wrap align_left\"><div class=\"w-iconbox iconpos_left style_default color_primary align_left no_text\"><div class=\"w-iconbox-icon\" style=\"font-size:2.5rem;\"><i class=\"far fa-star\"><\/i><\/div><div class=\"w-iconbox-meta\"><h6 class=\"w-iconbox-title\">Difficult\u00e9 : Facile<\/h6><\/div><\/div><div class=\"w-iconbox iconpos_left style_default color_primary align_left no_text\"><div class=\"w-iconbox-icon\" style=\"font-size:2.5rem;\"><i class=\"far fa-clock\"><\/i><\/div><div class=\"w-iconbox-meta\"><h6 class=\"w-iconbox-title\">Temps de pr\u00e9paration 30 min.<\/h6><\/div><\/div><\/div><\/div><\/div><\/div><div class=\"vc_col-sm-2 vc_col-xs-12 wpb_column vc_column_container\"><div class=\"vc_column-inner\"><div class=\"wpb_wrapper\"><div class=\"w-separator size_small with_line width_50 thick_3 style_solid color_primary align_center\"><div class=\"w-separator-h\"><\/div><\/div><\/div><\/div><\/div><\/div><\/div><\/section><section class=\"l-section wpb_row height_medium\"><div class=\"l-section-h i-cf\"><div class=\"g-cols vc_row via_flex valign_top type_default stacking_default\"><div class=\"vc_col-sm-12 vc_col-lg-3 vc_col-md-3 vc_col-xs-12 wpb_column vc_column_container\"><div class=\"vc_column-inner\"><div class=\"wpb_wrapper\"><div class=\"wpb_text_column\"><div class=\"wpb_wrapper\"><h5>Ingr\u00e9dients<\/h5>\n<\/div><\/div><div class=\"w-separator size_small\"><\/div><div class=\"wpb_text_column\"><div class=\"wpb_wrapper\"><ul>\n<li>Tomates<\/li>\n<li>Coing<\/li>\n<li>Pomme<\/li>\n<li>jambon<\/li>\n<li>Pour la vinaigrette : citron, moutarde de Dijon, huile d&rsquo;olive extra vierge, vinaigre de cidre<\/li>\n<\/ul>\n<\/div><\/div><\/div><\/div><\/div><div class=\"vc_col-sm-12 vc_col-lg-9 vc_col-md-9 vc_col-xs-12 wpb_column vc_column_container\"><div class=\"vc_column-inner\"><div class=\"wpb_wrapper\"><div class=\"wpb_text_column us_custom_77d9ecd6\"><div class=\"wpb_wrapper\"><h5>Comment pr\u00e9parer la salade d&rsquo;automne<\/h5>\n<\/div><\/div><div class=\"w-separator size_small\"><\/div><div class=\"wpb_text_column\"><div class=\"wpb_wrapper\"><ol>\n<li>Dans un r\u00e9cipient, m\u00e9langez deux cuill\u00e8res \u00e0 caf\u00e9 de moutarde de Dijon avec le jus d&rsquo;un citron, une fois bien m\u00e9lang\u00e9, ajoutez l&rsquo;huile d&rsquo;olive progressivement tout en continuant \u00e0 fouetter avec une tige de cuisine. Une fois obtenue une cr\u00e8me ayant la consistance d&rsquo;une mayonnaise, la faire r\u00e9duire avec un trait de vinaigre de cidre et r\u00e9server.<\/li>\n<li>Dans un r\u00e9cipient, m\u00e9langer spontan\u00e9ment les ingr\u00e9dients de la salade, les tomates coup\u00e9es, le coing et la pomme coup\u00e9s en lani\u00e8res ou en cubes, quelques tranches de jambon, etc. Assaisonnez avec la vinaigrette et servez.<\/li>\n<\/ol>\n<\/div><\/div><\/div><\/div><\/div><\/div><\/div><\/section>\n","protected":false},"featured_media":5818,"template":"","class_list":["post-6795","receta","type-receta","status-publish","has-post-thumbnail","hentry"],"acf":[],"yoast_head":"<!-- This site is optimized with the Yoast SEO plugin v27.4 - https:\/\/yoast.com\/product\/yoast-seo-wordpress\/ -->\n<title>salade d&#039;automne | El Quijote<\/title>\n<meta name=\"description\" content=\"Recette de salade d&#039;automne d&#039;El Quijote.\" \/>\n<meta name=\"robots\" content=\"index, follow, max-snippet:-1, max-image-preview:large, max-video-preview:-1\" \/>\n<link rel=\"canonical\" href=\"https:\/\/quijotefood.com\/fr\/receta\/salade-dautomne\/\" \/>\n<meta property=\"og:locale\" content=\"fr_FR\" \/>\n<meta property=\"og:type\" content=\"article\" \/>\n<meta property=\"og:title\" content=\"salade d&#039;automne | El Quijote\" \/>\n<meta property=\"og:description\" content=\"Recette de salade d&#039;automne d&#039;El Quijote.\" \/>\n<meta property=\"og:url\" content=\"https:\/\/quijotefood.com\/fr\/receta\/salade-dautomne\/\" \/>\n<meta property=\"og:site_name\" content=\"El Quijote\" \/>\n<meta property=\"article:modified_time\" content=\"2022-09-02T15:18:07+00:00\" \/>\n<meta property=\"og:image\" content=\"http:\/\/quijotefood.com\/wp-content\/uploads\/2015\/05\/receta-ensalada-de-otono.jpg\" \/>\n\t<meta property=\"og:image:width\" content=\"1600\" \/>\n\t<meta property=\"og:image:height\" content=\"800\" \/>\n\t<meta property=\"og:image:type\" content=\"image\/jpeg\" \/>\n<meta name=\"twitter:card\" content=\"summary_large_image\" \/>\n<meta name=\"twitter:label1\" content=\"Dur\u00e9e de lecture estim\u00e9e\" \/>\n\t<meta name=\"twitter:data1\" content=\"2 minutes\" \/>\n<script type=\"application\/ld+json\" class=\"yoast-schema-graph\">{\"@context\":\"https:\\\/\\\/schema.org\",\"@graph\":[{\"@type\":\"WebPage\",\"@id\":\"https:\\\/\\\/quijotefood.com\\\/fr\\\/receta\\\/salade-dautomne\\\/\",\"url\":\"https:\\\/\\\/quijotefood.com\\\/fr\\\/receta\\\/salade-dautomne\\\/\",\"name\":\"salade d'automne | El Quijote\",\"isPartOf\":{\"@id\":\"https:\\\/\\\/quijotefood.com\\\/fr\\\/#website\"},\"primaryImageOfPage\":{\"@id\":\"https:\\\/\\\/quijotefood.com\\\/fr\\\/receta\\\/salade-dautomne\\\/#primaryimage\"},\"image\":{\"@id\":\"https:\\\/\\\/quijotefood.com\\\/fr\\\/receta\\\/salade-dautomne\\\/#primaryimage\"},\"thumbnailUrl\":\"https:\\\/\\\/quijotefood.com\\\/wp-content\\\/uploads\\\/2015\\\/05\\\/receta-ensalada-de-otono.jpg\",\"datePublished\":\"2015-05-04T17:24:10+00:00\",\"dateModified\":\"2022-09-02T15:18:07+00:00\",\"description\":\"Recette de salade d'automne d'El Quijote.\",\"breadcrumb\":{\"@id\":\"https:\\\/\\\/quijotefood.com\\\/fr\\\/receta\\\/salade-dautomne\\\/#breadcrumb\"},\"inLanguage\":\"fr-FR\",\"potentialAction\":[{\"@type\":\"ReadAction\",\"target\":[\"https:\\\/\\\/quijotefood.com\\\/fr\\\/receta\\\/salade-dautomne\\\/\"]}]},{\"@type\":\"ImageObject\",\"inLanguage\":\"fr-FR\",\"@id\":\"https:\\\/\\\/quijotefood.com\\\/fr\\\/receta\\\/salade-dautomne\\\/#primaryimage\",\"url\":\"https:\\\/\\\/quijotefood.com\\\/wp-content\\\/uploads\\\/2015\\\/05\\\/receta-ensalada-de-otono.jpg\",\"contentUrl\":\"https:\\\/\\\/quijotefood.com\\\/wp-content\\\/uploads\\\/2015\\\/05\\\/receta-ensalada-de-otono.jpg\",\"width\":1600,\"height\":800},{\"@type\":\"BreadcrumbList\",\"@id\":\"https:\\\/\\\/quijotefood.com\\\/fr\\\/receta\\\/salade-dautomne\\\/#breadcrumb\",\"itemListElement\":[{\"@type\":\"ListItem\",\"position\":1,\"name\":\"Portada\",\"item\":\"https:\\\/\\\/quijotefood.com\\\/fr\\\/debut\\\/\"},{\"@type\":\"ListItem\",\"position\":2,\"name\":\"salade d&rsquo;automne\"}]},{\"@type\":\"WebSite\",\"@id\":\"https:\\\/\\\/quijotefood.com\\\/fr\\\/#website\",\"url\":\"https:\\\/\\\/quijotefood.com\\\/fr\\\/\",\"name\":\"El Quijote\",\"description\":\"Fabricante de conservas vegetales, crema de membrillo, fresa, melocot\u00f3n, ciruela, manzana....\",\"publisher\":{\"@id\":\"https:\\\/\\\/quijotefood.com\\\/fr\\\/#organization\"},\"potentialAction\":[{\"@type\":\"SearchAction\",\"target\":{\"@type\":\"EntryPoint\",\"urlTemplate\":\"https:\\\/\\\/quijotefood.com\\\/fr\\\/?s={search_term_string}\"},\"query-input\":{\"@type\":\"PropertyValueSpecification\",\"valueRequired\":true,\"valueName\":\"search_term_string\"}}],\"inLanguage\":\"fr-FR\"},{\"@type\":\"Organization\",\"@id\":\"https:\\\/\\\/quijotefood.com\\\/fr\\\/#organization\",\"name\":\"El Quijote\",\"url\":\"https:\\\/\\\/quijotefood.com\\\/fr\\\/\",\"logo\":{\"@type\":\"ImageObject\",\"inLanguage\":\"fr-FR\",\"@id\":\"https:\\\/\\\/quijotefood.com\\\/fr\\\/#\\\/schema\\\/logo\\\/image\\\/\",\"url\":\"https:\\\/\\\/quijotefood.com\\\/wp-content\\\/uploads\\\/2021\\\/08\\\/logo-sin-fondo-2.png\",\"contentUrl\":\"https:\\\/\\\/quijotefood.com\\\/wp-content\\\/uploads\\\/2021\\\/08\\\/logo-sin-fondo-2.png\",\"width\":1000,\"height\":429,\"caption\":\"El Quijote\"},\"image\":{\"@id\":\"https:\\\/\\\/quijotefood.com\\\/fr\\\/#\\\/schema\\\/logo\\\/image\\\/\"}}]}<\/script>\n<!-- \/ Yoast SEO plugin. -->","yoast_head_json":{"title":"salade d'automne | El Quijote","description":"Recette de salade d'automne d'El Quijote.","robots":{"index":"index","follow":"follow","max-snippet":"max-snippet:-1","max-image-preview":"max-image-preview:large","max-video-preview":"max-video-preview:-1"},"canonical":"https:\/\/quijotefood.com\/fr\/receta\/salade-dautomne\/","og_locale":"fr_FR","og_type":"article","og_title":"salade d'automne | El Quijote","og_description":"Recette de salade d'automne d'El Quijote.","og_url":"https:\/\/quijotefood.com\/fr\/receta\/salade-dautomne\/","og_site_name":"El Quijote","article_modified_time":"2022-09-02T15:18:07+00:00","og_image":[{"width":1600,"height":800,"url":"http:\/\/quijotefood.com\/wp-content\/uploads\/2015\/05\/receta-ensalada-de-otono.jpg","type":"image\/jpeg"}],"twitter_card":"summary_large_image","twitter_misc":{"Dur\u00e9e de lecture estim\u00e9e":"2 minutes"},"schema":{"@context":"https:\/\/schema.org","@graph":[{"@type":"WebPage","@id":"https:\/\/quijotefood.com\/fr\/receta\/salade-dautomne\/","url":"https:\/\/quijotefood.com\/fr\/receta\/salade-dautomne\/","name":"salade d'automne | El Quijote","isPartOf":{"@id":"https:\/\/quijotefood.com\/fr\/#website"},"primaryImageOfPage":{"@id":"https:\/\/quijotefood.com\/fr\/receta\/salade-dautomne\/#primaryimage"},"image":{"@id":"https:\/\/quijotefood.com\/fr\/receta\/salade-dautomne\/#primaryimage"},"thumbnailUrl":"https:\/\/quijotefood.com\/wp-content\/uploads\/2015\/05\/receta-ensalada-de-otono.jpg","datePublished":"2015-05-04T17:24:10+00:00","dateModified":"2022-09-02T15:18:07+00:00","description":"Recette de salade d'automne d'El Quijote.","breadcrumb":{"@id":"https:\/\/quijotefood.com\/fr\/receta\/salade-dautomne\/#breadcrumb"},"inLanguage":"fr-FR","potentialAction":[{"@type":"ReadAction","target":["https:\/\/quijotefood.com\/fr\/receta\/salade-dautomne\/"]}]},{"@type":"ImageObject","inLanguage":"fr-FR","@id":"https:\/\/quijotefood.com\/fr\/receta\/salade-dautomne\/#primaryimage","url":"https:\/\/quijotefood.com\/wp-content\/uploads\/2015\/05\/receta-ensalada-de-otono.jpg","contentUrl":"https:\/\/quijotefood.com\/wp-content\/uploads\/2015\/05\/receta-ensalada-de-otono.jpg","width":1600,"height":800},{"@type":"BreadcrumbList","@id":"https:\/\/quijotefood.com\/fr\/receta\/salade-dautomne\/#breadcrumb","itemListElement":[{"@type":"ListItem","position":1,"name":"Portada","item":"https:\/\/quijotefood.com\/fr\/debut\/"},{"@type":"ListItem","position":2,"name":"salade d&rsquo;automne"}]},{"@type":"WebSite","@id":"https:\/\/quijotefood.com\/fr\/#website","url":"https:\/\/quijotefood.com\/fr\/","name":"El Quijote","description":"Fabricante de conservas vegetales, crema de membrillo, fresa, melocot\u00f3n, ciruela, manzana....","publisher":{"@id":"https:\/\/quijotefood.com\/fr\/#organization"},"potentialAction":[{"@type":"SearchAction","target":{"@type":"EntryPoint","urlTemplate":"https:\/\/quijotefood.com\/fr\/?s={search_term_string}"},"query-input":{"@type":"PropertyValueSpecification","valueRequired":true,"valueName":"search_term_string"}}],"inLanguage":"fr-FR"},{"@type":"Organization","@id":"https:\/\/quijotefood.com\/fr\/#organization","name":"El Quijote","url":"https:\/\/quijotefood.com\/fr\/","logo":{"@type":"ImageObject","inLanguage":"fr-FR","@id":"https:\/\/quijotefood.com\/fr\/#\/schema\/logo\/image\/","url":"https:\/\/quijotefood.com\/wp-content\/uploads\/2021\/08\/logo-sin-fondo-2.png","contentUrl":"https:\/\/quijotefood.com\/wp-content\/uploads\/2021\/08\/logo-sin-fondo-2.png","width":1000,"height":429,"caption":"El Quijote"},"image":{"@id":"https:\/\/quijotefood.com\/fr\/#\/schema\/logo\/image\/"}}]}},"_links":{"self":[{"href":"https:\/\/quijotefood.com\/fr\/wp-json\/wp\/v2\/receta\/6795","targetHints":{"allow":["GET"]}}],"collection":[{"href":"https:\/\/quijotefood.com\/fr\/wp-json\/wp\/v2\/receta"}],"about":[{"href":"https:\/\/quijotefood.com\/fr\/wp-json\/wp\/v2\/types\/receta"}],"wp:featuredmedia":[{"embeddable":true,"href":"https:\/\/quijotefood.com\/fr\/wp-json\/wp\/v2\/media\/5818"}],"wp:attachment":[{"href":"https:\/\/quijotefood.com\/fr\/wp-json\/wp\/v2\/media?parent=6795"}],"curies":[{"name":"wp","href":"https:\/\/api.w.org\/{rel}","templated":true}]}}